{"id":276795,"date":"2025-09-29T16:23:55","date_gmt":"2025-09-29T16:23:55","guid":{"rendered":"https:\/\/live-southcoast-health-multi.southcoast-health.org\/?page_id=276795"},"modified":"2025-10-31T17:38:35","modified_gmt":"2025-10-31T17:38:35","slug":"breast-cancer-awareness-month","status":"publish","type":"page","link":"https:\/\/www.southcoast.org\/pt\/breast-cancer-awareness-month\/","title":{"rendered":"M\u00eas de sensibiliza\u00e7\u00e3o para o cancro da mama"},"content":{"rendered":"<div  class=\"blockSettings    hero-main-block\" style=\"\"><div class=\"background\"><\/div>\n<div class=\"container\">\n\n        <div class=\"grid\">\n        <div class=\"col-bleed-y\">\n            <div class=\"inner-wrap\">\n                <div class=\"content-col\">\n                                            <h1>M\u00eas de sensibiliza\u00e7\u00e3o para o cancro da mama<\/h1>\n                                        <div class=\"copy-wrap\">\n                                                    <p>1 em cada 8 mulheres nos EUA desenvolver\u00e1 cancro da mama durante a sua vida. Uma simples mamografia \u00e9 a sua melhor defesa na luta contra o cancro da mama, permitindo a dete\u00e7\u00e3o precoce quando o tratamento \u00e9 mais eficaz.<\/p>\n                                            <\/div>\n                                            <div class=\"cta-wrap\">\n                                                            <a aria-label=\"liga\u00e7\u00e3o ao Programa de Cancro da Mama da Southcoast Health\" class=\"mainCTA shadow dark1\" href=\"https:\/\/cancer.southcoast.org\/breast-cancer\/\" target=\"_blank\" title=\"Abre o Programa de cancro da mama da Southcoast Health num novo separador ou janela\" rel=\"noopener noreferrer\">Programa de cancro da mama da Southcoast Health<span class=\"fa-regular fa-up-right-from-square\"><\/span><\/a>                                                                                <\/div>\n                                    <\/div>\n                <div class=\"media-col\">\n                                            <img\n                            class=\"main-img\"\n                            src=\"https:\/\/www.southcoast.org\/wp-content\/uploads\/2025\/09\/Breast-Cancer-Banner.png\"\n                                                        srcset=\"\"\n                            sizes=\"(max-width: 768px) 100vw, (max-width: 1200px) 50vw, 800px\"\n                                                        alt=\"\"\n                            loading=\"eager\"\n                            decoding=\"async\"\n                            fetchpriority=\"high\">\n                                                            <img decoding=\"async\" class=\"corner-art\" src=\"https:\/\/www.southcoast.org\/wp-content\/themes\/southcoast_multisite\/images\/corner-art.svg\">\n                <\/div>\n            <\/div>\n        <\/div>\n    <\/div>\n<\/div>\n\n<script>\n    document.querySelectorAll('.play-button').forEach(button => {\n        button.addEventListener('click', function() {\n            const modal = this.nextElementSibling;\n            modal.style.display = 'block';\n            document.body.style.overflow = 'hidden';\n        });\n    });\n\n    document.querySelectorAll('.close-modal, .modal-overlay').forEach(element => {\n        element.addEventListener('click', function() {\n            const modal = this.closest('.video-modal');\n            modal.style.display = 'none';\n            document.body.style.overflow = '';\n        });\n    });\n<\/script>\n<\/div>\n\n\n<div  class=\"blockSettings  paddingTopSM paddingBottomSM media-object-video-block light\" style=\"\"><div class=\"container\">\n    <div class=\"grid\">\n        <div class=\"col-sm-12\">\n            <div class=\"inner video-right list-style-disc inner-white-bg\">\n                <div class=\"copy\">\n                                                                <h2>Mais cuidados. Mais respostas.<\/h2>\n                                                                <p>A Sa\u00fade da Costa Sul\u00a0<a href=\"https:\/\/cancer.southcoast.org\/breast-cancer\/\">Cuidados com o peito<\/a>\u00a0redefiniu os cuidados da mama, proporcionando \u00e0s doentes op\u00e7\u00f5es de rastreio privadas e convenientes, informa\u00e7\u00f5es atempadas e uma equipa de especialistas que coloca as necessidades f\u00edsicas e emocionais das nossas doentes em primeiro lugar.<\/p>\n                    \n                    <div class=\"cta-wrap\">\n\n                                                                                                        \n                                                                                                                            <\/div>\n\n                <\/div>\n                <div class=\"video-container\">\n                                            <div class=\"video-wrapper\">\n                                                                                                <a href=\"https:\/\/www.youtube.com\/watch?v=DI_NkcquAlU\" class=\"popup-youtube video-placeholder\">\n                                        <img decoding=\"async\" src=\"https:\/\/www.southcoast.org\/wp-content\/uploads\/2025\/09\/Southcoast-Health-Breast-Care-Program-Video-Thumbnail.png\" alt=\"\">\n                                        <div class=\"play-button\">\n                                            <i class=\"fa fa-play-circle\"><\/i>\n                                        <\/div>\n                                    <\/a>\n                                                            \n                                                    <\/div>\n                                    <\/div>\n            <\/div>\n        <\/div>\n    <\/div>\n<\/div>\n<\/div>\n\n\n<div  class=\"blockSettings  paddingTopSM paddingBottomSM cardIconsFluid cardIconsImageFluid darkTheme\" style=\"background: linear-gradient(110deg, #0A4A3D 2.57%, rgba(5, 116, 99, 0.99) 59.47%, #009984 99.08%);\">\t<div class=\"container\">\n\t\t\t\t\t<div class=\"grid\">\n\t\t\t\t<div class=\"col-sm-12\">\n\t\t\t\t\t<div class=\"introCenter\">\n\t\t\t\t\t\t<div class=\"maincopy intro\">\n\t\t\t\t\t\t\t<h2>Lembretes importantes<\/h2>\n\t\t\t\t\t\t\t\t\t\t\t\t\t<\/div>\n\t\t\t\t\t\t\t\t\t\t\t\t\t\t\t\t\t\t\t\t\t\t\t\t\t\t                                                                                                        \t\t\t\t\t<\/div>\n\t\t\t\t<\/div>\n\t\t\t<\/div>\n\t\t\n\t\t\t\t\t<!--Manual Cards-->\n\t\t\t<div class=\"grid smallGrid\">\n\t\t\t\t\t\t\t\t\t\t\t<div class=\"col-sm-6 col-md-6 col-grid\">\n\t\t\t\t\t\t\t\t<div class=\"cardBasic  Center Vertical\">\n\t\t\t\t\t\t\t\t\t<span class='icon image-icon'><img loading=\"lazy\" decoding=\"async\" width=\"1251\" height=\"1251\" src=\"https:\/\/www.southcoast.org\/wp-content\/uploads\/2025\/09\/Mammogram-Icon.png\" class=\"attachment-full size-full\" alt=\"\" srcset=\"https:\/\/www.southcoast.org\/wp-content\/uploads\/2025\/09\/Mammogram-Icon.png 1251w, https:\/\/www.southcoast.org\/wp-content\/uploads\/2025\/09\/Mammogram-Icon-300x300.png 300w, https:\/\/www.southcoast.org\/wp-content\/uploads\/2025\/09\/Mammogram-Icon-1024x1024.png 1024w, https:\/\/www.southcoast.org\/wp-content\/uploads\/2025\/09\/Mammogram-Icon-150x150.png 150w, https:\/\/www.southcoast.org\/wp-content\/uploads\/2025\/09\/Mammogram-Icon-768x768.png 768w, https:\/\/www.southcoast.org\/wp-content\/uploads\/2025\/09\/Mammogram-Icon-12x12.png 12w\" sizes=\"auto, (max-width: 1251px) 100vw, 1251px\" \/><\/span>\t\t\t\t\t\t\t\t\t\t\t\t\t\t\t\t\t\t\n\t\t\t\t\t\t\t\t\t<div class=\"cardBasicBody\">\n\t\t\t\t\t\t\t\t\t\t<div class=\"cardBasicBodyTitle\" role=\"title\">Diretrizes para a mamografia<\/div>\n\t\t\t\t\t\t\t\t\t\t\t\t\t\t\t\t\t\t\t\t<div class=\"excerpt\">\n\t\t\t\t\t\t\t\t\t\t\t<p><strong>As mamografias a partir dos 40 anos s\u00e3o uma parte rotineira dos cuidados com a mama no Southcoast Health<\/strong>\u00a0- em maio de 2023, a U.S. Preventive Task Force (USPSTF) juntou a sua voz \u00e0 da maioria das associa\u00e7\u00f5es m\u00e9dicas nacionais ao emitir um projeto de orienta\u00e7\u00f5es que reduz a idade recomendada para iniciar as mamografias de 50 para 40 anos. Juntou-se \u00e0\u00a0<a href=\"https:\/\/www.cancer.org\/\">Sociedade Americana do Cancro<\/a>,\u00a0<a href=\"https:\/\/www.breastsurgeons.org\/\">Sociedade Americana de Cirurgi\u00f5es da Mama<\/a>,\u00a0<a href=\"https:\/\/www.acog.org\/\">Col\u00e9gio Americano de Obstetras e Ginecologistas<\/a>,\u00a0<a href=\"https:\/\/www.acr.org\/\">Col\u00e9gio Americano de Radiologia<\/a>e\u00a0<a href=\"https:\/\/www.sbi-online.org\/\">Sociedade de Imagiologia da Mama<\/a>que t\u00eam orienta\u00e7\u00f5es semelhantes.<\/p>\n\t\t\t\t\t\t\t\t\t\t<\/div>\n\t\t\t\t\t\t\t\t\t\t\t\t\t\t\t\t\t\t\t\t\t\t\t\t\t\t\t\t\t\t\t<div class=\"cardLinks\">\n\t\t\t\t\t\t\t\t\t\t\t\t\t\t\t\t\t\t\t\t\t\t\t<a aria-label=\"link para A Southcoast Health h\u00e1 muito que recomenda mamografias aos 40 anos de idade das diretrizes para mamografias\" title=\"link para A Southcoast Health h\u00e1 muito que recomenda mamografias aos 40 anos\" href=\"https:\/\/www.southcoast.org\/pt\/annual-mammograms\/\" target=\"_self\" class=\"mainCTA light3\">\n\t\t\t\t\t\t\t\t\t\t\t\t\t<span class=\"icon-cta fa-regular fa-arrow-up-right\" aria-hidden=\"true\"><\/span>\n\t\t\t\t\t\t\t\t\t\t\t\t\tH\u00e1 muito que a Southcoast Health recomenda a realiza\u00e7\u00e3o de mamografias aos 40 anos\t\t\t\t\t\t\t\t\t\t\t\t<\/a>\n\t\t\t\t\t\t\t\t\t\t\t\t\t\t\t\t\t\t\t\t\t\t\t\n\t\t\t\t\t\t\t\t\t\t\t\t\t\t\t\t\t\t\t\t\t\t<\/div>\n\t\t\t\t\t\t\t\t\t\t\t\t\t\t\t\t\t\t\t<\/div>\n\t\t\t\t\t\t\t\t<\/div>\n\t\t\t\t\t\t\t<\/div>\n\t\t\t\t\t\t\t\t\t\t\t\t<div class=\"col-sm-6 col-md-6 col-grid\">\n\t\t\t\t\t\t\t\t<div class=\"cardBasic  Center Vertical\">\n\t\t\t\t\t\t\t\t\t<span class='icon image-icon'><img loading=\"lazy\" decoding=\"async\" width=\"1251\" height=\"1251\" src=\"https:\/\/www.southcoast.org\/wp-content\/uploads\/2025\/09\/Breast-Cancer-Icon.png\" class=\"attachment-full size-full\" alt=\"\" srcset=\"https:\/\/www.southcoast.org\/wp-content\/uploads\/2025\/09\/Breast-Cancer-Icon.png 1251w, https:\/\/www.southcoast.org\/wp-content\/uploads\/2025\/09\/Breast-Cancer-Icon-300x300.png 300w, https:\/\/www.southcoast.org\/wp-content\/uploads\/2025\/09\/Breast-Cancer-Icon-1024x1024.png 1024w, https:\/\/www.southcoast.org\/wp-content\/uploads\/2025\/09\/Breast-Cancer-Icon-150x150.png 150w, https:\/\/www.southcoast.org\/wp-content\/uploads\/2025\/09\/Breast-Cancer-Icon-768x768.png 768w, https:\/\/www.southcoast.org\/wp-content\/uploads\/2025\/09\/Breast-Cancer-Icon-12x12.png 12w\" sizes=\"auto, (max-width: 1251px) 100vw, 1251px\" \/><\/span>\t\t\t\t\t\t\t\t\t\t\t\t\t\t\t\t\t\t\n\t\t\t\t\t\t\t\t\t<div class=\"cardBasicBody\">\n\t\t\t\t\t\t\t\t\t\t<div class=\"cardBasicBodyTitle\" role=\"title\">Cancro da mama<\/div>\n\t\t\t\t\t\t\t\t\t\t\t\t\t\t\t\t\t\t\t\t<div class=\"excerpt\">\n\t\t\t\t\t\t\t\t\t\t\t<p><strong>Quais s\u00e3o os sintomas do cancro da mama?<\/strong>\u00a0- A dete\u00e7\u00e3o precoce do cancro da mama \u00e9 vital para aumentar as suas hip\u00f3teses de sucesso.<\/p>\n\t\t\t\t\t\t\t\t\t\t<\/div>\n\t\t\t\t\t\t\t\t\t\t\t\t\t\t\t\t\t\t\t\t\t\t\t\t\t\t\t\t\t\t\t<div class=\"cardLinks\">\n\t\t\t\t\t\t\t\t\t\t\t\t\t\t\t\t\t\t\t\t\t\t\t<a aria-label=\"link para o cancro da mama Sintomas do cancro da mama\" title=\"liga\u00e7\u00e3o para Sintomas do cancro da mama\" href=\"https:\/\/library.southcoast.org\/Search\/34,8530-1\" target=\"_blank\" class=\"mainCTA light3\">\n\t\t\t\t\t\t\t\t\t\t\t\t\t<span class=\"icon-cta fa-regular fa-arrow-up-right\" aria-hidden=\"true\"><\/span>\n\t\t\t\t\t\t\t\t\t\t\t\t\tSintomas do cancro da mama <span class=\"fa-regular fa-arrow-up-right-from-square readMoreIconTarget\"><\/span>\t\t\t\t\t\t\t\t\t\t\t\t<\/a>\n\t\t\t\t\t\t\t\t\t\t\t\t\t\t\t\t\t\t\t\t\t\t\t\n\t\t\t\t\t\t\t\t\t\t\t\t\t\t\t\t\t\t\t\t\t\t<\/div>\n\t\t\t\t\t\t\t\t\t\t\t\t\t\t\t\t\t\t\t<\/div>\n\t\t\t\t\t\t\t\t<\/div>\n\t\t\t\t\t\t\t<\/div>\n\t\t\t\t\t\t\t\t\t\t\t\t<div class=\"col-sm-6 col-md-6 col-grid\">\n\t\t\t\t\t\t\t\t<div class=\"cardBasic  Center Vertical\">\n\t\t\t\t\t\t\t\t\t<span class='icon image-icon'><img loading=\"lazy\" decoding=\"async\" width=\"1251\" height=\"1251\" src=\"https:\/\/www.southcoast.org\/wp-content\/uploads\/2025\/09\/Breast-Exam-Icon.png\" class=\"attachment-full size-full\" alt=\"\" srcset=\"https:\/\/www.southcoast.org\/wp-content\/uploads\/2025\/09\/Breast-Exam-Icon.png 1251w, https:\/\/www.southcoast.org\/wp-content\/uploads\/2025\/09\/Breast-Exam-Icon-300x300.png 300w, https:\/\/www.southcoast.org\/wp-content\/uploads\/2025\/09\/Breast-Exam-Icon-1024x1024.png 1024w, https:\/\/www.southcoast.org\/wp-content\/uploads\/2025\/09\/Breast-Exam-Icon-150x150.png 150w, https:\/\/www.southcoast.org\/wp-content\/uploads\/2025\/09\/Breast-Exam-Icon-768x768.png 768w, https:\/\/www.southcoast.org\/wp-content\/uploads\/2025\/09\/Breast-Exam-Icon-12x12.png 12w\" sizes=\"auto, (max-width: 1251px) 100vw, 1251px\" \/><\/span>\t\t\t\t\t\t\t\t\t\t\t\t\t\t\t\t\t\t\n\t\t\t\t\t\t\t\t\t<div class=\"cardBasicBody\">\n\t\t\t\t\t\t\t\t\t\t<div class=\"cardBasicBodyTitle\" role=\"title\">Avalia\u00e7\u00e3o da sa\u00fade da mama<\/div>\n\t\t\t\t\t\t\t\t\t\t\t\t\t\t\t\t\t\t\t\t<div class=\"excerpt\">\n\t\t\t\t\t\t\t\t\t\t\t<p><strong>Avalia\u00e7\u00e3o da sa\u00fade da mama<\/strong>\u00a0- Esta breve avalia\u00e7\u00e3o ajud\u00e1-la-\u00e1 a saber se tem factores de risco que podem aumentar o seu risco de cancro da mama. N\u00e3o se trata de uma an\u00e1lise completa de todos os riscos de cancro da mama. Para uma avalia\u00e7\u00e3o completa dos seus riscos, consulte o seu profissional de sa\u00fade.<\/p>\n\t\t\t\t\t\t\t\t\t\t<\/div>\n\t\t\t\t\t\t\t\t\t\t\t\t\t\t\t\t\t\t\t\t\t\t\t\t\t\t\t\t\t\t\t<div class=\"cardLinks\">\n\t\t\t\t\t\t\t\t\t\t\t\t\t\t\t\t\t\t\t\t\t\t\t<a aria-label=\"liga\u00e7\u00e3o para Avalia\u00e7\u00e3o da sa\u00fade da mama Avalia\u00e7\u00e3o da sa\u00fade da mama\" title=\"liga\u00e7\u00e3o para a avalia\u00e7\u00e3o da sa\u00fade da mama\" href=\"https:\/\/library.southcoast.org\/42,BreastCancerRisk\" target=\"_blank\" class=\"mainCTA light3\">\n\t\t\t\t\t\t\t\t\t\t\t\t\t<span class=\"icon-cta fa-regular fa-arrow-up-right\" aria-hidden=\"true\"><\/span>\n\t\t\t\t\t\t\t\t\t\t\t\t\tAvalia\u00e7\u00e3o da sa\u00fade da mama <span class=\"fa-regular fa-arrow-up-right-from-square readMoreIconTarget\"><\/span>\t\t\t\t\t\t\t\t\t\t\t\t<\/a>\n\t\t\t\t\t\t\t\t\t\t\t\t\t\t\t\t\t\t\t\t\t\t\t\n\t\t\t\t\t\t\t\t\t\t\t\t\t\t\t\t\t\t\t\t\t\t<\/div>\n\t\t\t\t\t\t\t\t\t\t\t\t\t\t\t\t\t\t\t<\/div>\n\t\t\t\t\t\t\t\t<\/div>\n\t\t\t\t\t\t\t<\/div>\n\t\t\t\t\t\t\t\t\t\t\t\t<div class=\"col-sm-6 col-md-6 col-grid\">\n\t\t\t\t\t\t\t\t<div class=\"cardBasic  Center Vertical\">\n\t\t\t\t\t\t\t\t\t<span class='icon image-icon'><img loading=\"lazy\" decoding=\"async\" width=\"1251\" height=\"1251\" src=\"https:\/\/www.southcoast.org\/wp-content\/uploads\/2025\/09\/Doctor-and-Patient-Icon.png\" class=\"attachment-full size-full\" alt=\"\" srcset=\"https:\/\/www.southcoast.org\/wp-content\/uploads\/2025\/09\/Doctor-and-Patient-Icon.png 1251w, https:\/\/www.southcoast.org\/wp-content\/uploads\/2025\/09\/Doctor-and-Patient-Icon-300x300.png 300w, https:\/\/www.southcoast.org\/wp-content\/uploads\/2025\/09\/Doctor-and-Patient-Icon-1024x1024.png 1024w, https:\/\/www.southcoast.org\/wp-content\/uploads\/2025\/09\/Doctor-and-Patient-Icon-150x150.png 150w, https:\/\/www.southcoast.org\/wp-content\/uploads\/2025\/09\/Doctor-and-Patient-Icon-768x768.png 768w, https:\/\/www.southcoast.org\/wp-content\/uploads\/2025\/09\/Doctor-and-Patient-Icon-12x12.png 12w\" sizes=\"auto, (max-width: 1251px) 100vw, 1251px\" \/><\/span>\t\t\t\t\t\t\t\t\t\t\t\t\t\t\t\t\t\t\n\t\t\t\t\t\t\t\t\t<div class=\"cardBasicBody\">\n\t\t\t\t\t\t\t\t\t\t<div class=\"cardBasicBodyTitle\" role=\"title\">Marque a sua mamografia anual<\/div>\n\t\t\t\t\t\t\t\t\t\t\t\t\t\t\t\t\t\t\t\t<div class=\"excerpt\">\n\t\t\t\t\t\t\t\t\t\t\t<p><strong>Marque a sua mamografia anual<\/strong>\u00a0- A dete\u00e7\u00e3o precoce pode ser uma defesa fundamental na luta contra o cancro, permitindo um tratamento mais precoce e melhores resultados. A Southcoast Health est\u00e1 aqui para ajudar com uma marca\u00e7\u00e3o conveniente para estes importantes testes de rastreio.<\/p>\n\t\t\t\t\t\t\t\t\t\t<\/div>\n\t\t\t\t\t\t\t\t\t\t\t\t\t\t\t\t\t\t\t\t\t\t\t\t\t\t\t\t\t\t\t<div class=\"cardLinks\">\n\t\t\t\t\t\t\t\t\t\t\t\t\t\t\t\t\t\t\t\t\t\t\t<a aria-label=\"liga\u00e7\u00e3o para Pedido de marca\u00e7\u00e3o de uma mamografia ou Marca\u00e7\u00e3o da sua mamografia anual\" title=\"liga\u00e7\u00e3o para Pedido de marca\u00e7\u00e3o de uma mamografia\" href=\"https:\/\/www.southcoast.org\/pt\/request-to-schedule-a-mammogram\/\" target=\"_self\" class=\"mainCTA light3\">\n\t\t\t\t\t\t\t\t\t\t\t\t\t<span class=\"icon-cta fa-regular fa-arrow-up-right\" aria-hidden=\"true\"><\/span>\n\t\t\t\t\t\t\t\t\t\t\t\t\tPedido de marca\u00e7\u00e3o de uma mamografia\t\t\t\t\t\t\t\t\t\t\t\t<\/a>\n\t\t\t\t\t\t\t\t\t\t\t\t\t\t\t\t\t\t\t\t\t\t\t\n\t\t\t\t\t\t\t\t\t\t\t\t\t\t\t\t\t\t\t\t\t\t<\/div>\n\t\t\t\t\t\t\t\t\t\t\t\t\t\t\t\t\t\t\t<\/div>\n\t\t\t\t\t\t\t\t<\/div>\n\t\t\t\t\t\t\t<\/div>\n\t\t\t\t\t\t\t\t<\/div>\n\t\t\t<\/div>\n<\/div>\n\n\n<div  class=\"blockSettings  paddingTopSM paddingBottomSM cardBlogFluid light\" style=\"\">    <div class=\"container\">\n        <div class=\"grid\">\n            <div class=\"col-md-5\">\n                <div class=\"stickyWrapper\">\n                        <div class=\"mainCopyWrap\">\n            <h2>Hist\u00f3rias e tecnologias sobre o cancro da mama<\/h2>\n        <\/div>\n                    <\/div>\n            <\/div>\n\n            <div class=\"col-md-7\">\n                <div class=\"grid\">\n\n                    \n                                                                                    <div class=\"col-sm-6 col-grid\">\n                                    <div class=\"cardBasic cardBlog\">\n                                        <div class=\"cardImage\" style=\"background-image:url('');\">\n                                            <div class=\"cardImagePill\"><\/div>\n                                        <\/div>\n                                        <div class=\"cardBasicBody\">\n                                            <p class=\"preHeadline\"><\/p>\n                                            <h2><\/h2>\n                                                                                        <a title=\"liga\u00e7\u00e3o a \" href=\"\" target=\"_blank\" class=\"mainCTA light3\"><span class=\"fa-regular fa-arrow-up-right icon-cta\"><\/span> Ler mais<span class=\"fa-regular fa-arrow-up-right-from-square readMoreIconTarget\"><\/span><\/a>\n                                        <\/div>\n                                    <\/div>\n                                <\/div>\n                                                            <div class=\"col-sm-6 col-grid\">\n                                    <div class=\"cardBasic cardBlog\">\n                                        <div class=\"cardImage\" style=\"background-image:url('');\">\n                                            <div class=\"cardImagePill\"><\/div>\n                                        <\/div>\n                                        <div class=\"cardBasicBody\">\n                                            <p class=\"preHeadline\"><\/p>\n                                            <h2><\/h2>\n                                                                                        <a title=\"liga\u00e7\u00e3o a \" href=\"\" target=\"_blank\" class=\"mainCTA light3\"><span class=\"fa-regular fa-arrow-up-right icon-cta\"><\/span> Ler mais<span class=\"fa-regular fa-arrow-up-right-from-square readMoreIconTarget\"><\/span><\/a>\n                                        <\/div>\n                                    <\/div>\n                                <\/div>\n                                                            <div class=\"col-sm-6 col-grid\">\n                                    <div class=\"cardBasic cardBlog\">\n                                        <div class=\"cardImage\" style=\"background-image:url('');\">\n                                            <div class=\"cardImagePill\"><\/div>\n                                        <\/div>\n                                        <div class=\"cardBasicBody\">\n                                            <p class=\"preHeadline\"><\/p>\n                                            <h2><\/h2>\n                                                                                        <a title=\"liga\u00e7\u00e3o a \" href=\"\" target=\"_blank\" class=\"mainCTA light3\"><span class=\"fa-regular fa-arrow-up-right icon-cta\"><\/span> Ler mais<span class=\"fa-regular fa-arrow-up-right-from-square readMoreIconTarget\"><\/span><\/a>\n                                        <\/div>\n                                    <\/div>\n                                <\/div>\n                                                                                        <\/div>\n            <\/div>\n        <\/div>\n    <\/div>\n<\/div>\n<\/div>","protected":false},"excerpt":{"rendered":"","protected":false},"author":11,"featured_media":0,"parent":0,"menu_order":0,"comment_status":"closed","ping_status":"closed","template":"","meta":{"_acf_changed":false,"footnotes":""},"class_list":["post-276795","page","type-page","status-publish","hentry"],"acf":[],"yoast_head":"<!-- This site is optimized with the Yoast SEO plugin v26.0 - https:\/\/yoast.com\/wordpress\/plugins\/seo\/ -->\n<title>Breast Cancer Awareness Month - Southcoast Health<\/title>\n<meta name=\"robots\" content=\"index, follow, max-snippet:-1, max-image-preview:large, max-video-preview:-1\" \/>\n<link rel=\"canonical\" href=\"https:\/\/www.southcoast.org\/pt\/breast-cancer-awareness-month\/\" \/>\n<meta property=\"og:locale\" content=\"pt_PT\" \/>\n<meta property=\"og:type\" content=\"article\" \/>\n<meta property=\"og:title\" content=\"Breast Cancer Awareness Month - Southcoast Health\" \/>\n<meta property=\"og:url\" content=\"https:\/\/www.southcoast.org\/pt\/breast-cancer-awareness-month\/\" \/>\n<meta property=\"og:site_name\" content=\"Southcoast Health\" \/>\n<meta property=\"article:modified_time\" content=\"2025-10-31T17:38:35+00:00\" \/>\n<meta name=\"twitter:card\" content=\"summary_large_image\" \/>\n<script type=\"application\/ld+json\" class=\"yoast-schema-graph\">{\"@context\":\"https:\/\/schema.org\",\"@graph\":[{\"@type\":\"WebPage\",\"@id\":\"https:\/\/www.southcoast.org\/breast-cancer-awareness-month\/\",\"url\":\"https:\/\/www.southcoast.org\/breast-cancer-awareness-month\/\",\"name\":\"Breast Cancer Awareness Month - Southcoast Health\",\"isPartOf\":{\"@id\":\"https:\/\/www.southcoast.org\/#website\"},\"datePublished\":\"2025-09-29T16:23:55+00:00\",\"dateModified\":\"2025-10-31T17:38:35+00:00\",\"breadcrumb\":{\"@id\":\"https:\/\/www.southcoast.org\/breast-cancer-awareness-month\/#breadcrumb\"},\"inLanguage\":\"pt-PT\",\"potentialAction\":[{\"@type\":\"ReadAction\",\"target\":[\"https:\/\/www.southcoast.org\/breast-cancer-awareness-month\/\"]}]},{\"@type\":\"BreadcrumbList\",\"@id\":\"https:\/\/www.southcoast.org\/breast-cancer-awareness-month\/#breadcrumb\",\"itemListElement\":[{\"@type\":\"ListItem\",\"position\":1,\"name\":\"\",\"item\":\"https:\/\/www.southcoast.org\/\"},{\"@type\":\"ListItem\",\"position\":2,\"name\":\"Breast Cancer Awareness Month\"}]},{\"@type\":\"WebSite\",\"@id\":\"https:\/\/www.southcoast.org\/#website\",\"url\":\"https:\/\/www.southcoast.org\/\",\"name\":\"Southcoast Health\",\"description\":\"More than medicine.\",\"potentialAction\":[{\"@type\":\"SearchAction\",\"target\":{\"@type\":\"EntryPoint\",\"urlTemplate\":\"https:\/\/www.southcoast.org\/?s={search_term_string}\"},\"query-input\":{\"@type\":\"PropertyValueSpecification\",\"valueRequired\":true,\"valueName\":\"search_term_string\"}}],\"inLanguage\":\"pt-PT\"}]}<\/script>\n<!-- \/ Yoast SEO plugin. -->","yoast_head_json":{"title":"Breast Cancer Awareness Month - Southcoast Health","robots":{"index":"index","follow":"follow","max-snippet":"max-snippet:-1","max-image-preview":"max-image-preview:large","max-video-preview":"max-video-preview:-1"},"canonical":"https:\/\/www.southcoast.org\/pt\/breast-cancer-awareness-month\/","og_locale":"pt_PT","og_type":"article","og_title":"Breast Cancer Awareness Month - Southcoast Health","og_url":"https:\/\/www.southcoast.org\/pt\/breast-cancer-awareness-month\/","og_site_name":"Southcoast Health","article_modified_time":"2025-10-31T17:38:35+00:00","twitter_card":"summary_large_image","schema":{"@context":"https:\/\/schema.org","@graph":[{"@type":"WebPage","@id":"https:\/\/www.southcoast.org\/breast-cancer-awareness-month\/","url":"https:\/\/www.southcoast.org\/breast-cancer-awareness-month\/","name":"Breast Cancer Awareness Month - Southcoast Health","isPartOf":{"@id":"https:\/\/www.southcoast.org\/#website"},"datePublished":"2025-09-29T16:23:55+00:00","dateModified":"2025-10-31T17:38:35+00:00","breadcrumb":{"@id":"https:\/\/www.southcoast.org\/breast-cancer-awareness-month\/#breadcrumb"},"inLanguage":"pt-PT","potentialAction":[{"@type":"ReadAction","target":["https:\/\/www.southcoast.org\/breast-cancer-awareness-month\/"]}]},{"@type":"BreadcrumbList","@id":"https:\/\/www.southcoast.org\/breast-cancer-awareness-month\/#breadcrumb","itemListElement":[{"@type":"ListItem","position":1,"name":"","item":"https:\/\/www.southcoast.org\/"},{"@type":"ListItem","position":2,"name":"Breast Cancer Awareness Month"}]},{"@type":"WebSite","@id":"https:\/\/www.southcoast.org\/#website","url":"https:\/\/www.southcoast.org\/","name":"Sa\u00fade no Sudeste","description":"Mais do que medicamentos.","potentialAction":[{"@type":"SearchAction","target":{"@type":"EntryPoint","urlTemplate":"https:\/\/www.southcoast.org\/?s={search_term_string}"},"query-input":{"@type":"PropertyValueSpecification","valueRequired":true,"valueName":"search_term_string"}}],"inLanguage":"pt-PT"}]}},"_links":{"self":[{"href":"https:\/\/www.southcoast.org\/pt\/wp-json\/wp\/v2\/pages\/276795","targetHints":{"allow":["GET"]}}],"collection":[{"href":"https:\/\/www.southcoast.org\/pt\/wp-json\/wp\/v2\/pages"}],"about":[{"href":"https:\/\/www.southcoast.org\/pt\/wp-json\/wp\/v2\/types\/page"}],"author":[{"embeddable":true,"href":"https:\/\/www.southcoast.org\/pt\/wp-json\/wp\/v2\/users\/11"}],"replies":[{"embeddable":true,"href":"https:\/\/www.southcoast.org\/pt\/wp-json\/wp\/v2\/comments?post=276795"}],"version-history":[{"count":15,"href":"https:\/\/www.southcoast.org\/pt\/wp-json\/wp\/v2\/pages\/276795\/revisions"}],"predecessor-version":[{"id":281772,"href":"https:\/\/www.southcoast.org\/pt\/wp-json\/wp\/v2\/pages\/276795\/revisions\/281772"}],"wp:attachment":[{"href":"https:\/\/www.southcoast.org\/pt\/wp-json\/wp\/v2\/media?parent=276795"}],"curies":[{"name":"wp","href":"https:\/\/api.w.org\/{rel}","templated":true}]}}